{"id":20383,"date":"2024-10-14T17:34:09","date_gmt":"2024-10-14T15:34:09","guid":{"rendered":"https:\/\/www.gourmandisedeluxe.com\/?post_type=product&#038;p=20383"},"modified":"2026-04-22T15:15:59","modified_gmt":"2026-04-22T13:15:59","slug":"melgaard-fine-scarf-xl-lt-pink","status":"publish","type":"product","link":"https:\/\/www.gourmandisedeluxe.com\/es\/melgaard-fine-scarf-xl-lt-pink\/","title":{"rendered":"Melgaard Bufanda Fina XL Lt. Pink"},"content":{"rendered":"<p><strong>Bjarne Melgaard<\/strong> es un artista noruego contempor\u00e1neo afincado en Nueva York, famoso por sus provocadoras obras y sus colaboraciones con importantes marcas de moda y lujo. La colaboraci\u00f3n Melgaard x Kaspia ha dado lugar a una l\u00ednea de ropa y accesorios en la que la iconograf\u00eda del artista interact\u00faa con los c\u00f3digos visuales de Kaspia.<\/p>\n<p>L\u2019<strong>\u00c9charpe XL Melgaard Lt. Pink<\/strong> est la grande version de l&#8217;\u00e9charpe fine rose clair \u2014 plus g\u00e9n\u00e9reuse dans ses dimensions, elle permet un drapage plus ample autour du cou et des \u00e9paules et se porte facilement en \u00e9charpe volumineuse ou en chale l\u00e9ger. M\u00eame imprim\u00e9 exclusif, m\u00eame qualit\u00e9 de mati\u00e8re. Propos\u00e9e \u00e0 <strong>290\u20ac<\/strong>.<\/p>\n<p>\u00c9dition limit\u00e9e. Pour celles qui pr\u00e9f\u00e8rent les accessoires g\u00e9n\u00e9reux et polyvalents.<\/p>","protected":false},"excerpt":{"rendered":"<p>Tama\u00c3\u0192\u00c2\u00b1o: 140\u00c3\u0192\u00e2\u20ac\u201d140 cm<br \/>\nBordes con flecos<br \/>\nImpresi\u00f3n digital<\/p>\n<p>Esta pieza \u00fanica forma parte de una colecci\u00f3n c\u00e1psula que hemos creado en colaboraci\u00f3n con el artista noruego Bjarne Melgaard y Holzweiler. El\u00a0<strong>Pa\u00c3\u0192\u00c2\u00b1uelo Melgaard XL<\/strong>\u00a0Est\u00e1 confeccionado en seda con bordes con flecos y est\u00e1 estampado digitalmente con una obra de arte creada por Melgaard para esta colaboraci\u00f3n.<\/p>","protected":false},"featured_media":24604,"comment_status":"open","ping_status":"closed","template":"","meta":[],"product_brand":[],"product_cat":[182,185],"product_tag":[],"class_list":{"0":"post-20383","1":"product","2":"type-product","3":"status-publish","4":"has-post-thumbnail","6":"product_cat-collections","7":"product_cat-noel-2025","9":"first","10":"instock","11":"taxable","12":"shipping-taxable","13":"purchasable","14":"product-type-simple"},"_links":{"self":[{"href":"https:\/\/www.gourmandisedeluxe.com\/es\/wp-json\/wp\/v2\/product\/20383","targetHints":{"allow":["GET"]}}],"collection":[{"href":"https:\/\/www.gourmandisedeluxe.com\/es\/wp-json\/wp\/v2\/product"}],"about":[{"href":"https:\/\/www.gourmandisedeluxe.com\/es\/wp-json\/wp\/v2\/types\/product"}],"replies":[{"embeddable":true,"href":"https:\/\/www.gourmandisedeluxe.com\/es\/wp-json\/wp\/v2\/comments?post=20383"}],"version-history":[{"count":0,"href":"https:\/\/www.gourmandisedeluxe.com\/es\/wp-json\/wp\/v2\/product\/20383\/revisions"}],"wp:featuredmedia":[{"embeddable":true,"href":"https:\/\/www.gourmandisedeluxe.com\/es\/wp-json\/wp\/v2\/media\/24604"}],"wp:attachment":[{"href":"https:\/\/www.gourmandisedeluxe.com\/es\/wp-json\/wp\/v2\/media?parent=20383"}],"wp:term":[{"taxonomy":"product_brand","embeddable":true,"href":"https:\/\/www.gourmandisedeluxe.com\/es\/wp-json\/wp\/v2\/product_brand?post=20383"},{"taxonomy":"product_cat","embeddable":true,"href":"https:\/\/www.gourmandisedeluxe.com\/es\/wp-json\/wp\/v2\/product_cat?post=20383"},{"taxonomy":"product_tag","embeddable":true,"href":"https:\/\/www.gourmandisedeluxe.com\/es\/wp-json\/wp\/v2\/product_tag?post=20383"}],"curies":[{"name":"wp","href":"https:\/\/api.w.org\/{rel}","templated":true}]}}