{"id":11870,"date":"2020-11-05T19:46:36","date_gmt":"2020-11-05T18:46:36","guid":{"rendered":"https:\/\/www.gourmandisedeluxe.com\/?post_type=product&#038;p=11870"},"modified":"2026-04-22T13:27:27","modified_gmt":"2026-04-22T11:27:27","slug":"esturion-blanco-real","status":"publish","type":"product","link":"https:\/\/www.gourmandisedeluxe.com\/es\/esturgeon-blanc-royal\/","title":{"rendered":"Esturi\u00c3\u0192\u00c2\u00b3n blanco real"},"content":{"rendered":"<p>L\u2019Esturgeon Blanc Royal illustre \u00e0 merveille la mondialisation de la grande aquaculture\u00a0: originaire des c\u00f4tes Pacifiques am\u00e9ricaines, o\u00f9 l\u2019<em>Acipenser transmontanus<\/em> \u00e9volue \u00e0 l\u2019\u00e9tat sauvage, il est \u00e9lev\u00e9 en Italie dans des conditions d\u2019excellence qui lui conf\u00e8rent une personnalit\u00e9 unique \u2014 \u00e0 mi-chemin entre la vigueur du Nouveau Monde et l\u2019\u00e9l\u00e9gance du savoir-faire europ\u00e9en.<\/p>\n<p>Ses grains, de belle taille, pr\u00e9sentent une robe allant de l\u2019ambre chaleureux au gris perle, avec des reflets kaki singuliers qui trahissent son origine. En bouche, le profil gustatif est d\u2019une douceur remarquable\u00a0: des notes de noisette torr\u00e9fi\u00e9e et d\u2019amande dominent, sur fond l\u00e9g\u00e8rement cr\u00e9meux, avec une iode discr\u00e8te. Sa texture ferme mais non r\u00e9sistante en fait un caviar tr\u00e8s accessible, s\u00e9duisant m\u00eame les palais novices tout en satisfaisant les connaisseurs.<\/p>\n<p>\u00c0 conserver entre \u22122\u00b0C et +2\u00b0C. Disponible de 30\u00a0g \u00e0 1\u00a0kg, l\u2019Esturgeon Blanc Royal offre une introduction parfaite \u00e0 l\u2019univers Kaspia. \u00c0 d\u00e9guster sur blini ti\u00e8de, accompagn\u00e9 d\u2019une cr\u00e8me fra\u00eeche et d\u2019un champagne brut fruit\u00e9 ou d\u2019un vin blanc sec et min\u00e9ral.<\/p>","protected":false},"excerpt":{"rendered":"<p>Este caviar es originario de Estados Unidos y se cultiva en Italia. Sus granos, de buen tama\u00f1o y textura firme, son de color \u00e1mbar a gris, con reflejos caqui. Su sabor, muy delicado, mezcla de avellana tostada y almendra, tiene un ligero toque yodado.<br \/>\nOrigen : Italia<\/p>\n<p>Conservaci\u00f3n: Entre -2 \u00b0C y +2 \u00b0C.<\/p>\n<p><em>Seleccione la cantidad que desee a continuaci\u00f3n.<\/em><\/p>","protected":false},"featured_media":24372,"comment_status":"closed","ping_status":"closed","template":"","meta":[],"product_brand":[],"product_cat":[194,103],"product_tag":[],"class_list":{"0":"post-11870","1":"product","2":"type-product","3":"status-publish","4":"has-post-thumbnail","6":"product_cat-ads_fruits-de-mer","7":"product_cat-caviars-caviars","9":"first","10":"instock","11":"taxable","12":"shipping-taxable","13":"purchasable","14":"product-type-variable"},"_links":{"self":[{"href":"https:\/\/www.gourmandisedeluxe.com\/es\/wp-json\/wp\/v2\/product\/11870","targetHints":{"allow":["GET"]}}],"collection":[{"href":"https:\/\/www.gourmandisedeluxe.com\/es\/wp-json\/wp\/v2\/product"}],"about":[{"href":"https:\/\/www.gourmandisedeluxe.com\/es\/wp-json\/wp\/v2\/types\/product"}],"replies":[{"embeddable":true,"href":"https:\/\/www.gourmandisedeluxe.com\/es\/wp-json\/wp\/v2\/comments?post=11870"}],"version-history":[{"count":0,"href":"https:\/\/www.gourmandisedeluxe.com\/es\/wp-json\/wp\/v2\/product\/11870\/revisions"}],"wp:featuredmedia":[{"embeddable":true,"href":"https:\/\/www.gourmandisedeluxe.com\/es\/wp-json\/wp\/v2\/media\/24372"}],"wp:attachment":[{"href":"https:\/\/www.gourmandisedeluxe.com\/es\/wp-json\/wp\/v2\/media?parent=11870"}],"wp:term":[{"taxonomy":"product_brand","embeddable":true,"href":"https:\/\/www.gourmandisedeluxe.com\/es\/wp-json\/wp\/v2\/product_brand?post=11870"},{"taxonomy":"product_cat","embeddable":true,"href":"https:\/\/www.gourmandisedeluxe.com\/es\/wp-json\/wp\/v2\/product_cat?post=11870"},{"taxonomy":"product_tag","embeddable":true,"href":"https:\/\/www.gourmandisedeluxe.com\/es\/wp-json\/wp\/v2\/product_tag?post=11870"}],"curies":[{"name":"wp","href":"https:\/\/api.w.org\/{rel}","templated":true}]}}