{"id":9499,"date":"2020-11-05T19:46:23","date_gmt":"2020-11-05T18:46:23","guid":{"rendered":"https:\/\/www.miel-montet.com\/kaspia_new\/product\/preparation-alimentaire-a-base-de-sel-gris-de-guerande-igp-aux-truffes-blanches-tuber-magnatum-pico-30g\/"},"modified":"2026-04-22T13:52:36","modified_gmt":"2026-04-22T11:52:36","slug":"sel-gris-guerande-igp-truffes-blanches","status":"publish","type":"product","link":"https:\/\/www.gourmandisedeluxe.com\/de\/sel-gris-guerande-igp-truffes-blanches\/","title":{"rendered":"Lebensmittelzubereitung auf Basis von grauem Salz aus Gu\u00e9rande IGP mit wei\u00dfen Tr\u00fcffeln"},"content":{"rendered":"<p>Le Sel Gris de Gu\u00e9rande IGP aux Truffes Blanches est le mariage de deux ingr\u00e9dients que la gastronomie fran\u00e7aise et italienne honorent depuis des si\u00e8cles : le sel gris de Gu\u00e9rande \u2014 r\u00e9colt\u00e9 \u00e0 la main dans les marais salants de Loire-Atlantique, riche en min\u00e9raux, d&#8217;une douceur maritime caract\u00e9ristique \u2014 et la Truffe Blanche lyophilis\u00e9e <em>Tuber Magnatum Pico<\/em> \u00e0 0,3%, l&#8217;ingr\u00e9dient le plus rare de la gastronomie mondiale.<\/p>\n<p>La lyophilisation pr\u00e9serve les ar\u00f4mes de la truffe blanche avec une fid\u00e9lit\u00e9 que le s\u00e9chage \u00e0 chaud ne peut \u00e9galer. Le sel gris, h umide et gris-beige, absorbe et fixe parfaitement ces ar\u00f4mes, cr\u00e9ant un condiment o\u00f9 chaque cristal concentre le parfum musc\u00e9, mieill\u00e9 et d&#8217;ail sauvage de la Magnatum. L&#8217;ensemble est d&#8217;un \u00e9quilibre ar\u00f4matique remarquable.<\/p>\n<p>Utilis\u00e9 comme sel de finition sur une entrecote grill\u00e9e, des asperges vertes \u00e0 la vapeur, un carpaccio de boeuf, une tranche de foie gras saut\u00e9, un oeuf \u00e0 la coque ou simplement du pain beurr\u00e9 de qualit\u00e9, il transforme l&#8217;assaisonnement le plus simple en geste gastronomique. Son int\u00e9r\u00eat r\u00e9side dans son utilisation \u00e0 cru, toujours \u00e0 la toute derni\u00e8re seconde.<\/p>\n<p>Contenu : 30g. \u00c0 conserver \u00e0 l&#8217;abri de l&#8217;humidit\u00e9 et de la lumi\u00e8re. Ne pas chauffer.<\/p>","protected":false},"excerpt":{"rendered":"<p>Dieses Salz ist das Ergebnis einer Verbindung zwischen dem wei\u00dfen Salz aus Gu\u00e9rande und der wei\u00dfen Tr\u00fcffel und verleiht sowohl Ihren Alltagsgerichten als auch Ihren Festtagsmen\u00fcs eine raffinierte Note.<\/p>\n<p><strong>Zusammensetzung: Graues Salz aus Gu\u00e9rande IGP 98%, gefriergetrocknete wei\u00dfe Tr\u00fcffel 0,3% (Tuber Magnatum Pico<\/strong><strong>).<\/strong><\/p>\n<p><em>Lagerung: In einem trockenen und k\u00fchlen Raum vor Licht gesch\u00fctzt.<\/em><\/p>\n<p><em>Menge: 30 g<br \/>\n<\/em><em>Preis pro kg: 400 \u20ac<\/em><\/p>","protected":false},"featured_media":17239,"comment_status":"closed","ping_status":"closed","template":"","meta":[],"product_brand":[],"product_cat":[72],"product_tag":[],"class_list":{"0":"post-9499","1":"product","2":"type-product","3":"status-publish","4":"has-post-thumbnail","6":"product_cat-epicerie-fine","8":"first","9":"instock","10":"taxable","11":"shipping-taxable","12":"purchasable","13":"product-type-simple"},"_links":{"self":[{"href":"https:\/\/www.gourmandisedeluxe.com\/de\/wp-json\/wp\/v2\/product\/9499","targetHints":{"allow":["GET"]}}],"collection":[{"href":"https:\/\/www.gourmandisedeluxe.com\/de\/wp-json\/wp\/v2\/product"}],"about":[{"href":"https:\/\/www.gourmandisedeluxe.com\/de\/wp-json\/wp\/v2\/types\/product"}],"replies":[{"embeddable":true,"href":"https:\/\/www.gourmandisedeluxe.com\/de\/wp-json\/wp\/v2\/comments?post=9499"}],"version-history":[{"count":0,"href":"https:\/\/www.gourmandisedeluxe.com\/de\/wp-json\/wp\/v2\/product\/9499\/revisions"}],"wp:featuredmedia":[{"embeddable":true,"href":"https:\/\/www.gourmandisedeluxe.com\/de\/wp-json\/wp\/v2\/media\/17239"}],"wp:attachment":[{"href":"https:\/\/www.gourmandisedeluxe.com\/de\/wp-json\/wp\/v2\/media?parent=9499"}],"wp:term":[{"taxonomy":"product_brand","embeddable":true,"href":"https:\/\/www.gourmandisedeluxe.com\/de\/wp-json\/wp\/v2\/product_brand?post=9499"},{"taxonomy":"product_cat","embeddable":true,"href":"https:\/\/www.gourmandisedeluxe.com\/de\/wp-json\/wp\/v2\/product_cat?post=9499"},{"taxonomy":"product_tag","embeddable":true,"href":"https:\/\/www.gourmandisedeluxe.com\/de\/wp-json\/wp\/v2\/product_tag?post=9499"}],"curies":[{"name":"wp","href":"https:\/\/api.w.org\/{rel}","templated":true}]}}