{"id":9364,"date":"2020-11-05T19:45:42","date_gmt":"2020-11-05T18:45:42","guid":{"rendered":"https:\/\/www.miel-montet.com\/kaspia_new\/product\/preparation-alimentaire-a-base-de-sel-gris-de-guerande-igp-aux-truffes-dete-tuber-aestivum-100g\/"},"modified":"2026-04-22T15:09:15","modified_gmt":"2026-04-22T13:09:15","slug":"nahrungsmittelzubereitung-auf-basis-von-salz-gris-de-guerande-igp-mit-dete-truffeln","status":"publish","type":"product","link":"https:\/\/www.gourmandisedeluxe.com\/de\/sel-gris-guerande-igp-truffes-dete\/","title":{"rendered":"Lebensmittelzubereitung auf Basis von grauem Salz aus Gu\u00e9rande IGP mit Sommertr\u00fcffeln"},"content":{"rendered":"<p>Le sel gris de Gu\u00e9rande est l&#8217;un des grands sels de France : r\u00e9colt\u00e9 \u00e0 la main par les paludiers de Loire-Atlantique, il est prot\u00e9g\u00e9 par une IGP qui en garantit l&#8217;origine et l&#8217;authenticit\u00e9. Cette <strong>Pr\u00e9paration au Sel Gris de Gu\u00e9rande IGP aux Truffes d&#8217;Et\u00e9<\/strong> l&#8217;associe aux brisures de truffe d&#8217;et\u00e9 pour cr\u00e9er un sel aromatique d&#8217;une qualit\u00e9 et d&#8217;une polyvalence remarquables.<\/p>\n<p>Le sel gris, avec sa texture humide et ses cristaux irr\u00e9guliers, capture et fixe les ar\u00f4mes de la truffe d&#8217;et\u00e9 avec une efficacit\u00e9 sup\u00e9rieure au sel fin : chaque pince\u0301e lib\u00e8re des notes de noisette, de sous-bois et d&#8217;humus qui \u00e9l\u00e8vent n&#8217;importe quelle pr\u00e9paration. \u00c0 <strong>20,90\u20ac<\/strong>, c&#8217;est l&#8217;un des condiments truff\u00e9s les plus accessibles et les plus imm\u00e9diatement utilisables de la gamme.<\/p>\n<p>Parfait sur des oeufs au plat, une c\u00f4te de boeuf grill\u00e9e, des l\u00e9gumes r\u00f4tis, des p\u00e2tes al burro ou simplement sur du pain beurr\u00e9. Un sel de table gastronomique qui remplace avantageusement le sel ordinaire dans toutes les situations. Id\u00e9al en cadeau gourmand accessible, compos\u00e9 avec d&#8217;autres condiments truff\u00e9s de la Maison.<\/p>","protected":false},"excerpt":{"rendered":"<p>Dieses Salz ist das Ergebnis einer Verbindung zwischen dem grauen Salz aus Gu\u00e9rande und Sommertr\u00fcffeln und verleiht sowohl Ihren Alltagsgerichten als auch Ihren Festtagsmen\u00fcs eine raffinierte Note.<\/p>\n<p><strong>Zusammensetzung: Graues Salz aus Gu\u00e9rande IGP 98%, gefriergetrocknete Sommertr\u00fcffel 1% (Tuber aestivum), was 5% frischen Tr\u00fcffeln entspricht, Aroma.<\/strong><\/p>\n<p><em>Lagerung: In einem trockenen und k\u00fchlen Raum vor Licht gesch\u00fctzt.<\/em><\/p>\n<p><em>Menge: 100 g<br \/>\n<\/em><em>Preis pro kg: 205 \u20ac<\/em><\/p>","protected":false},"featured_media":17491,"comment_status":"closed","ping_status":"closed","template":"","meta":[],"product_brand":[],"product_cat":[72,110],"product_tag":[],"class_list":{"0":"post-9364","1":"product","2":"type-product","3":"status-publish","4":"has-post-thumbnail","6":"product_cat-epicerie-fine","7":"product_cat-nos-idees-cadeaux","9":"first","10":"instock","11":"taxable","12":"shipping-taxable","13":"purchasable","14":"product-type-simple"},"_links":{"self":[{"href":"https:\/\/www.gourmandisedeluxe.com\/de\/wp-json\/wp\/v2\/product\/9364","targetHints":{"allow":["GET"]}}],"collection":[{"href":"https:\/\/www.gourmandisedeluxe.com\/de\/wp-json\/wp\/v2\/product"}],"about":[{"href":"https:\/\/www.gourmandisedeluxe.com\/de\/wp-json\/wp\/v2\/types\/product"}],"replies":[{"embeddable":true,"href":"https:\/\/www.gourmandisedeluxe.com\/de\/wp-json\/wp\/v2\/comments?post=9364"}],"version-history":[{"count":0,"href":"https:\/\/www.gourmandisedeluxe.com\/de\/wp-json\/wp\/v2\/product\/9364\/revisions"}],"wp:featuredmedia":[{"embeddable":true,"href":"https:\/\/www.gourmandisedeluxe.com\/de\/wp-json\/wp\/v2\/media\/17491"}],"wp:attachment":[{"href":"https:\/\/www.gourmandisedeluxe.com\/de\/wp-json\/wp\/v2\/media?parent=9364"}],"wp:term":[{"taxonomy":"product_brand","embeddable":true,"href":"https:\/\/www.gourmandisedeluxe.com\/de\/wp-json\/wp\/v2\/product_brand?post=9364"},{"taxonomy":"product_cat","embeddable":true,"href":"https:\/\/www.gourmandisedeluxe.com\/de\/wp-json\/wp\/v2\/product_cat?post=9364"},{"taxonomy":"product_tag","embeddable":true,"href":"https:\/\/www.gourmandisedeluxe.com\/de\/wp-json\/wp\/v2\/product_tag?post=9364"}],"curies":[{"name":"wp","href":"https:\/\/api.w.org\/{rel}","templated":true}]}}